{"id":2623,"date":"2021-10-16T20:33:47","date_gmt":"2021-10-16T18:33:47","guid":{"rendered":"https:\/\/saveoder.org\/zasady-ochrany-osobnich-udaju\/"},"modified":"2021-10-16T22:11:42","modified_gmt":"2021-10-16T20:11:42","slug":"ochrana-dat","status":"publish","type":"page","link":"https:\/\/saveoder.org\/cs\/ochrana-dat\/","title":{"rendered":"Ochrana dat"},"content":{"rendered":"\n    <div id=\"headline-block_6105624493083\" class=\"headline_container\">\n      <div class=\"headline_content headline-h1\">Z\u00e1sady ochrany osobn\u00edch \u00fadaj\u016f<\/div>\n    <\/div>\n\n\n\n<p>Tyto z\u00e1sady ochrany osobn\u00edch \u00fadaj\u016f popisuj\u00ed, jak\u00fdm zp\u016fsobem zpracov\u00e1v\u00e1me osobn\u00ed \u00fadaje b\u011bhem va\u0161eho u\u017e\u00edv\u00e1n\u00ed webov\u00fdch str\u00e1nek DNR (\u201cDeutscher Naturschutzring\u201d), v\u010detn\u011b mobiln\u00edch aplikac\u00ed (d\u00e1le jen &#8222;aplikace&#8220;). Vysv\u011btluj\u00ed tak\u00e9, jak\u00e9 m\u00e1te mo\u017enosti t\u00fdkaj\u00edc\u00ed se va\u0161ich osobn\u00edch \u00fadaj\u016f (&#8222;va\u0161e pr\u00e1va&#8220;) a jak n\u00e1s m\u016f\u017eete kontaktovat.<\/p>\n\n\n\n<p>Platn\u00e9 p\u0159edpisy o ochran\u011b osobn\u00edch \u00fadaj\u016f, zejm\u00e9na Obecn\u00e9 na\u0159\u00edzen\u00ed EU o ochran\u011b osobn\u00edch \u00fadaj\u016f (GDPR) a n\u011bmeck\u00fd spolkov\u00fd z\u00e1kon o ochran\u011b osobn\u00edch \u00fadaj\u016f (Bundesdatenschutzgesetz), n\u00e1s zavazuj\u00ed k \u0159\u00e1dn\u00e9mu a \u00fa\u010deln\u00e9mu nakl\u00e1d\u00e1n\u00ed s \u00fadaji u\u017eivatel\u016f na\u0161ich webov\u00fdch str\u00e1nek.<\/p>\n\n\n\n<ul class=\"wp-block-list\"><li><a href=\"https:\/\/www.dnr.de\/fileadmin\/Der_DNR\/Datenschutz\/20180504_DNR_Datenschutzhinweise_nach_DSGVO_-_05-2018.pdf\" target=\"_blank\" rel=\"noreferrer noopener\">Zde najdete podrobn\u00e9 informace o zpracov\u00e1n\u00ed \u00fadaj\u016f v souladu s Obecn\u00fdm na\u0159\u00edzen\u00edm EU o ochran\u011b osobn\u00edch \u00fadaj\u016f (GDPR) ze strany DNR (v n\u011bm\u010din\u011b).<\/a><\/li><\/ul>\n\n\n\n<p><\/p>\n\n\n\n    <div id=\"headline-block_610563f893084\" class=\"headline_container\">\n      <div class=\"headline_content headline-h3\">Odpov\u011bdnost a pov\u011b\u0159enec pro ochranu osobn\u00edch \u00fadaj\u016f<\/div>\n    <\/div>\n\n\n\n<p>Odpov\u011bdn\u00fdm subjektem ve smyslu GDPR je \u201cDeutscher Naturschutzring\u201d (DNR, N\u011bmeck\u00fd svaz pro ochranu p\u0159\u00edrody), zast\u0159e\u0161uj\u00edc\u00ed organizace n\u011bmeck\u00fdch organizac\u00ed na ochranu p\u0159\u00edrody, zv\u00ed\u0159at a \u017eivotn\u00edho prost\u0159ed\u00ed.<br><\/p>\n\n\n\n<p>Marienstra\u00dfe 19-20 | D-10117 Berlin | N\u011bmecko<br>Telefon: +49 30 &#8211; 678 1775 70 | Fax: +49 30 &#8211; 678 1775 80 | E-Mail: info[at]dnr[dot]de<\/p>\n\n\n\n<p>Rejst\u0159\u00edk sdru\u017een\u00ed: Berl\u00edn VR 34116 B<\/p>\n\n\n\n<p>Da\u0148ov\u00e9 \u010d\u00edslo: 27\/663\/62218<\/p>\n\n\n\n<p>Pr\u00e1vn\u00ed zastoupen\u00ed: p\u0159edseda Prof. Dr. Kai Niebert, m\u00edstop\u0159edsedkyn\u011b Silvie Kreibiehl a m\u00edstop\u0159edseda Thomas Schr\u00f6der.<br>M\u00e1te-li jak\u00e9koli dotazy t\u00fdkaj\u00edc\u00ed se zpracov\u00e1n\u00ed va\u0161ich osobn\u00edch \u00fadaj\u016f nebo ochrany \u00fadaj\u016f obecn\u011b, obra\u0165te se na pov\u011b\u0159ence pro ochranu osobn\u00edch \u00fadaj\u016f na v\u00fd\u0161e uveden\u00e9 adrese.<\/p>\n\n\n\n<ul class=\"wp-block-list\"><li><a href=\"https:\/\/www.dnr.de\/datenschutz\/\" target=\"_blank\" rel=\"noreferrer noopener\">Dal\u0161\u00ed informace naleznete na str\u00e1nce \u201cDeutscher Naturschutzring\u201d (DNR) v\u011bnovan\u00e9 ochran\u011b osobn\u00edch \u00fadaj\u016f.<\/a><\/li><\/ul>\n","protected":false},"excerpt":{"rendered":"<p>Tyto z\u00e1sady ochrany osobn\u00edch \u00fadaj\u016f popisuj\u00ed, jak\u00fdm zp\u016fsobem zpracov\u00e1v\u00e1me osobn\u00ed \u00fadaje b\u011bhem va\u0161eho u\u017e\u00edv\u00e1n\u00ed webov\u00fdch str\u00e1nek DNR (\u201cDeutscher Naturschutzring\u201d), v\u010detn\u011b mobiln\u00edch aplikac\u00ed (d\u00e1le jen &#8222;aplikace&#8220;). Vysv\u011btluj\u00ed tak\u00e9, jak\u00e9 m\u00e1te mo\u017enosti t\u00fdkaj\u00edc\u00ed se va\u0161ich osobn\u00edch \u00fadaj\u016f (&#8222;va\u0161e pr\u00e1va&#8220;) a jak n\u00e1s m\u016f\u017eete kontaktovat. Platn\u00e9 p\u0159edpisy o ochran\u011b osobn\u00edch \u00fadaj\u016f, zejm\u00e9na Obecn\u00e9 na\u0159\u00edzen\u00ed EU o ochran\u011b osobn\u00edch&hellip;&nbsp;<a href=\"https:\/\/saveoder.org\/cs\/ochrana-dat\/\" rel=\"bookmark\">Read More &raquo;<span class=\"screen-reader-text\">Ochrana dat<\/span><\/a><\/p>\n","protected":false},"author":2,"featured_media":0,"parent":0,"menu_order":0,"comment_status":"closed","ping_status":"closed","template":"","meta":{"_acf_changed":false,"neve_meta_sidebar":"","neve_meta_container":"","neve_meta_enable_content_width":"","neve_meta_content_width":0,"neve_meta_title_alignment":"","neve_meta_author_avatar":"","neve_post_elements_order":"","neve_meta_disable_header":"","neve_meta_disable_footer":"","neve_meta_disable_title":"","neve_meta_reading_time":"","footnotes":""},"class_list":["post-2623","page","type-page","status-publish","hentry"],"acf":[],"yoast_head":"<!-- This site is optimized with the Yoast SEO plugin v27.3 - https:\/\/yoast.com\/product\/yoast-seo-wordpress\/ -->\n<title>Ochrana dat - SaveOder<\/title>\n<meta name=\"robots\" content=\"index, follow, max-snippet:-1, max-image-preview:large, max-video-preview:-1\" \/>\n<link rel=\"canonical\" href=\"https:\/\/saveoder.org\/cs\/ochrana-dat\/\" \/>\n<meta property=\"og:locale\" content=\"cs_CZ\" \/>\n<meta property=\"og:type\" content=\"article\" \/>\n<meta property=\"og:title\" content=\"Ochrana dat - SaveOder\" \/>\n<meta property=\"og:description\" content=\"Tyto z\u00e1sady ochrany osobn\u00edch \u00fadaj\u016f popisuj\u00ed, jak\u00fdm zp\u016fsobem zpracov\u00e1v\u00e1me osobn\u00ed \u00fadaje b\u011bhem va\u0161eho u\u017e\u00edv\u00e1n\u00ed webov\u00fdch str\u00e1nek DNR (\u201cDeutscher Naturschutzring\u201d), v\u010detn\u011b mobiln\u00edch aplikac\u00ed (d\u00e1le jen &#8222;aplikace&#8220;). Vysv\u011btluj\u00ed tak\u00e9, jak\u00e9 m\u00e1te mo\u017enosti t\u00fdkaj\u00edc\u00ed se va\u0161ich osobn\u00edch \u00fadaj\u016f (&#8222;va\u0161e pr\u00e1va&#8220;) a jak n\u00e1s m\u016f\u017eete kontaktovat. Platn\u00e9 p\u0159edpisy o ochran\u011b osobn\u00edch \u00fadaj\u016f, zejm\u00e9na Obecn\u00e9 na\u0159\u00edzen\u00ed EU o ochran\u011b osobn\u00edch&hellip;&nbsp;Read More &raquo;Ochrana dat\" \/>\n<meta property=\"og:url\" content=\"https:\/\/saveoder.org\/cs\/ochrana-dat\/\" \/>\n<meta property=\"og:site_name\" content=\"SaveOder\" \/>\n<meta property=\"article:modified_time\" content=\"2021-10-16T20:11:42+00:00\" \/>\n<meta name=\"twitter:card\" content=\"summary_large_image\" \/>\n<meta name=\"twitter:label1\" content=\"Odhadovan\u00e1 doba \u010dten\u00ed\" \/>\n\t<meta name=\"twitter:data1\" content=\"1 minuta\" \/>\n<script type=\"application\/ld+json\" class=\"yoast-schema-graph\">{\"@context\":\"https:\\\/\\\/schema.org\",\"@graph\":[{\"@type\":\"WebPage\",\"@id\":\"https:\\\/\\\/saveoder.org\\\/cs\\\/ochrana-dat\\\/\",\"url\":\"https:\\\/\\\/saveoder.org\\\/cs\\\/ochrana-dat\\\/\",\"name\":\"Ochrana dat - SaveOder\",\"isPartOf\":{\"@id\":\"https:\\\/\\\/saveoder.org\\\/cs\\\/#website\"},\"datePublished\":\"2021-10-16T18:33:47+00:00\",\"dateModified\":\"2021-10-16T20:11:42+00:00\",\"breadcrumb\":{\"@id\":\"https:\\\/\\\/saveoder.org\\\/cs\\\/ochrana-dat\\\/#breadcrumb\"},\"inLanguage\":\"cs\",\"potentialAction\":[{\"@type\":\"ReadAction\",\"target\":[\"https:\\\/\\\/saveoder.org\\\/cs\\\/ochrana-dat\\\/\"]}]},{\"@type\":\"BreadcrumbList\",\"@id\":\"https:\\\/\\\/saveoder.org\\\/cs\\\/ochrana-dat\\\/#breadcrumb\",\"itemListElement\":[{\"@type\":\"ListItem\",\"position\":1,\"name\":\"Startseite\",\"item\":\"https:\\\/\\\/saveoder.org\\\/cs\\\/\"},{\"@type\":\"ListItem\",\"position\":2,\"name\":\"Ochrana dat\"}]},{\"@type\":\"WebSite\",\"@id\":\"https:\\\/\\\/saveoder.org\\\/cs\\\/#website\",\"url\":\"https:\\\/\\\/saveoder.org\\\/cs\\\/\",\"name\":\"SaveOder\",\"description\":\"\",\"publisher\":{\"@id\":\"https:\\\/\\\/saveoder.org\\\/cs\\\/#organization\"},\"potentialAction\":[{\"@type\":\"SearchAction\",\"target\":{\"@type\":\"EntryPoint\",\"urlTemplate\":\"https:\\\/\\\/saveoder.org\\\/cs\\\/?s={search_term_string}\"},\"query-input\":{\"@type\":\"PropertyValueSpecification\",\"valueRequired\":true,\"valueName\":\"search_term_string\"}}],\"inLanguage\":\"cs\"},{\"@type\":\"Organization\",\"@id\":\"https:\\\/\\\/saveoder.org\\\/cs\\\/#organization\",\"name\":\"DNR\",\"url\":\"https:\\\/\\\/saveoder.org\\\/cs\\\/\",\"logo\":{\"@type\":\"ImageObject\",\"inLanguage\":\"cs\",\"@id\":\"https:\\\/\\\/saveoder.org\\\/cs\\\/#\\\/schema\\\/logo\\\/image\\\/\",\"url\":\"https:\\\/\\\/saveoder.org\\\/wp-content\\\/uploads\\\/2021\\\/08\\\/Czas-na-Odre_Logo_small_transparent.png\",\"contentUrl\":\"https:\\\/\\\/saveoder.org\\\/wp-content\\\/uploads\\\/2021\\\/08\\\/Czas-na-Odre_Logo_small_transparent.png\",\"width\":366,\"height\":366,\"caption\":\"DNR\"},\"image\":{\"@id\":\"https:\\\/\\\/saveoder.org\\\/cs\\\/#\\\/schema\\\/logo\\\/image\\\/\"}}]}<\/script>\n<!-- \/ Yoast SEO plugin. -->","yoast_head_json":{"title":"Ochrana dat - SaveOder","robots":{"index":"index","follow":"follow","max-snippet":"max-snippet:-1","max-image-preview":"max-image-preview:large","max-video-preview":"max-video-preview:-1"},"canonical":"https:\/\/saveoder.org\/cs\/ochrana-dat\/","og_locale":"cs_CZ","og_type":"article","og_title":"Ochrana dat - SaveOder","og_description":"Tyto z\u00e1sady ochrany osobn\u00edch \u00fadaj\u016f popisuj\u00ed, jak\u00fdm zp\u016fsobem zpracov\u00e1v\u00e1me osobn\u00ed \u00fadaje b\u011bhem va\u0161eho u\u017e\u00edv\u00e1n\u00ed webov\u00fdch str\u00e1nek DNR (\u201cDeutscher Naturschutzring\u201d), v\u010detn\u011b mobiln\u00edch aplikac\u00ed (d\u00e1le jen &#8222;aplikace&#8220;). Vysv\u011btluj\u00ed tak\u00e9, jak\u00e9 m\u00e1te mo\u017enosti t\u00fdkaj\u00edc\u00ed se va\u0161ich osobn\u00edch \u00fadaj\u016f (&#8222;va\u0161e pr\u00e1va&#8220;) a jak n\u00e1s m\u016f\u017eete kontaktovat. Platn\u00e9 p\u0159edpisy o ochran\u011b osobn\u00edch \u00fadaj\u016f, zejm\u00e9na Obecn\u00e9 na\u0159\u00edzen\u00ed EU o ochran\u011b osobn\u00edch&hellip;&nbsp;Read More &raquo;Ochrana dat","og_url":"https:\/\/saveoder.org\/cs\/ochrana-dat\/","og_site_name":"SaveOder","article_modified_time":"2021-10-16T20:11:42+00:00","twitter_card":"summary_large_image","twitter_misc":{"Odhadovan\u00e1 doba \u010dten\u00ed":"1 minuta"},"schema":{"@context":"https:\/\/schema.org","@graph":[{"@type":"WebPage","@id":"https:\/\/saveoder.org\/cs\/ochrana-dat\/","url":"https:\/\/saveoder.org\/cs\/ochrana-dat\/","name":"Ochrana dat - SaveOder","isPartOf":{"@id":"https:\/\/saveoder.org\/cs\/#website"},"datePublished":"2021-10-16T18:33:47+00:00","dateModified":"2021-10-16T20:11:42+00:00","breadcrumb":{"@id":"https:\/\/saveoder.org\/cs\/ochrana-dat\/#breadcrumb"},"inLanguage":"cs","potentialAction":[{"@type":"ReadAction","target":["https:\/\/saveoder.org\/cs\/ochrana-dat\/"]}]},{"@type":"BreadcrumbList","@id":"https:\/\/saveoder.org\/cs\/ochrana-dat\/#breadcrumb","itemListElement":[{"@type":"ListItem","position":1,"name":"Startseite","item":"https:\/\/saveoder.org\/cs\/"},{"@type":"ListItem","position":2,"name":"Ochrana dat"}]},{"@type":"WebSite","@id":"https:\/\/saveoder.org\/cs\/#website","url":"https:\/\/saveoder.org\/cs\/","name":"SaveOder","description":"","publisher":{"@id":"https:\/\/saveoder.org\/cs\/#organization"},"potentialAction":[{"@type":"SearchAction","target":{"@type":"EntryPoint","urlTemplate":"https:\/\/saveoder.org\/cs\/?s={search_term_string}"},"query-input":{"@type":"PropertyValueSpecification","valueRequired":true,"valueName":"search_term_string"}}],"inLanguage":"cs"},{"@type":"Organization","@id":"https:\/\/saveoder.org\/cs\/#organization","name":"DNR","url":"https:\/\/saveoder.org\/cs\/","logo":{"@type":"ImageObject","inLanguage":"cs","@id":"https:\/\/saveoder.org\/cs\/#\/schema\/logo\/image\/","url":"https:\/\/saveoder.org\/wp-content\/uploads\/2021\/08\/Czas-na-Odre_Logo_small_transparent.png","contentUrl":"https:\/\/saveoder.org\/wp-content\/uploads\/2021\/08\/Czas-na-Odre_Logo_small_transparent.png","width":366,"height":366,"caption":"DNR"},"image":{"@id":"https:\/\/saveoder.org\/cs\/#\/schema\/logo\/image\/"}}]}},"_links":{"self":[{"href":"https:\/\/saveoder.org\/cs\/wp-json\/wp\/v2\/pages\/2623","targetHints":{"allow":["GET"]}}],"collection":[{"href":"https:\/\/saveoder.org\/cs\/wp-json\/wp\/v2\/pages"}],"about":[{"href":"https:\/\/saveoder.org\/cs\/wp-json\/wp\/v2\/types\/page"}],"author":[{"embeddable":true,"href":"https:\/\/saveoder.org\/cs\/wp-json\/wp\/v2\/users\/2"}],"replies":[{"embeddable":true,"href":"https:\/\/saveoder.org\/cs\/wp-json\/wp\/v2\/comments?post=2623"}],"version-history":[{"count":4,"href":"https:\/\/saveoder.org\/cs\/wp-json\/wp\/v2\/pages\/2623\/revisions"}],"predecessor-version":[{"id":2707,"href":"https:\/\/saveoder.org\/cs\/wp-json\/wp\/v2\/pages\/2623\/revisions\/2707"}],"wp:attachment":[{"href":"https:\/\/saveoder.org\/cs\/wp-json\/wp\/v2\/media?parent=2623"}],"curies":[{"name":"wp","href":"https:\/\/api.w.org\/{rel}","templated":true}]}}